{"id":30,"date":"2023-12-22T09:29:56","date_gmt":"2023-12-22T08:29:56","guid":{"rendered":"http:\/\/blogcinemacentansdejeunesse.org\/filmer-l-autre\/?page_id=30"},"modified":"2024-01-26T14:56:48","modified_gmt":"2024-01-26T13:56:48","slug":"partenaires","status":"publish","type":"page","link":"http:\/\/blogcinemacentansdejeunesse.org\/filmer-l-autre\/partenaires\/","title":{"rendered":"Partenaires"},"content":{"rendered":"\n<p><strong>PARTENAIRES DU PROGRAMME :<\/strong><\/p>\n\n\n\n<p><strong>AFRIQUE DU SUD<\/strong> : <strong>Cinema Take, <\/strong>Johannesburg<\/p>\n\n\n\n<p><strong>ALLEMAGNE<\/strong> :&nbsp;<strong>Deutsche Kinemathek,<\/strong>&nbsp;Berlin et l\u2019Universit\u00e9 de Br\u00eame&nbsp; \/ <strong>Deutsches Filminstitut &amp; Filmmuseum<\/strong>&nbsp;<strong>(DFF)<\/strong>, Francfort \/ <strong>Kinemathek Karlsruhe<\/strong>, Karlsruhe (<strong>nouveau<\/strong>) <\/p>\n\n\n\n<p><strong>ARGENTINE<\/strong> : <strong>Cero en conducta<\/strong>, San Lorenzo<\/p>\n\n\n\n<p><strong>BR\u00c9SIL :<\/strong>&nbsp;<strong>Imagens<\/strong>&nbsp;<strong>em Movimento<\/strong> (association Raiar) avec la Cinemateca do Museu de Arte Moderna, (MAM-Rio)&nbsp; Rio de Janeiro&nbsp;<\/p>\n\n\n\n<p>(<strong>Escola Carlitos<\/strong> avec la Cinemateca&nbsp;brasileira, S\u00e3o Paulo&nbsp;<\/p>\n\n\n\n<p><strong>BULGARIE<\/strong> :&nbsp;<strong>Association Arte Urbana Collectif <\/strong>avec le Festival \u00ab Rencontres du jeune cin\u00e9ma europ\u00e9en \u00bb, Sofia<\/p>\n\n\n\n<p><strong>CHILI<\/strong> : <strong>Ojo Piojo,<\/strong> Santiago de Chile<\/p>\n\n\n\n<p><strong>ESPAGNE <\/strong>:&nbsp;<strong>Cinema en curs<\/strong> (association A Bao A Qu), Barcelone<\/p>\n\n\n\n<p><strong>FINLANDE : Valve film School for Children<\/strong>, Oulu<\/p>\n\n\n\n<p><strong>FRANCE<\/strong> :&nbsp;<strong>Documentaire sur Grand \u00c9cran, avec le Cin\u00e9 104 <\/strong>(<strong>Ile-de-France<\/strong>) \/ <strong>Compagnie d\u2019Avril<\/strong>, Martigues (<strong>R\u00e9gion Sud \u2013<\/strong>&nbsp;<strong>Provence-Alpes-C\u00f4te d\u2019Azur<\/strong>) \/ <strong>Cin\u00e9ma Mon Cin\u00e9<\/strong>, Saint Martin D\u2019H\u00e8res (<strong>Auvergne \u2013 Rh\u00f4ne-Alpes<\/strong>) \/ <strong>Institut Jean Vigo <\/strong>\u2013 Cin\u00e9math\u00e8que euro-r\u00e9gionale, Perpignan (<strong>Occitanie<\/strong>) \/ <strong>Corsica.Doc <\/strong>et La Cin\u00e9math\u00e8que de <strong>Corse<\/strong> \/<strong> L\u2019Artchipel, <\/strong>Sc\u00e8ne nationale de la <strong>Guadeloupe<\/strong> \/<strong> Tropiques Atrium<\/strong>, Sc\u00e8ne nationale de la <strong>Martinique<\/strong>&nbsp;\/ <strong>L\u2019Ecranlivradais<\/strong>&nbsp;(<strong>Nouvelle-Aquitaine<\/strong>)<\/p>\n\n\n\n<p><strong>ITALIE<\/strong> :  <strong>Fondazione Cineteca di Bologna, <\/strong>Bologna<\/p>\n\n\n\n<p><strong>JAPON<\/strong> : <strong>Children meet cinema<\/strong>, Tokyo<\/p>\n\n\n\n<p><strong>LITUANIE<\/strong> :&nbsp;<strong>Meno Avilys, <\/strong>Vilnius<\/p>\n\n\n\n<p><strong>MEXIQUE<\/strong> :<strong> Edukino,<\/strong> San Luis Potos\u00ed&nbsp;<\/p>\n\n\n\n<p><strong>PORTUGAL<\/strong>: <strong>Os Filhos de Lumi\u00e8re <\/strong>avec la Cinemateca Portuguesa, Lisbonne<\/p>\n\n\n\n<p><strong>ROYAUME-UNI (ANGLETERRE)<\/strong>:\u00a0<strong>British Film Institute<\/strong>, Londres<\/p>\n","protected":false},"excerpt":{"rendered":"<p>PARTENAIRES DU PROGRAMME : AFRIQUE DU SUD : Cinema Take, Johannesburg ALLEMAGNE :&nbsp;Deutsche Kinemathek,&nbsp;Berlin et l\u2019Universit\u00e9 de Br\u00eame&nbsp; \/ Deutsches Filminstitut &amp; Filmmuseum&nbsp;(DFF), Francfort \/ Kinemathek Karlsruhe, Karlsruhe (nouveau) ARGENTINE : Cero en conducta, San Lorenzo BR\u00c9SIL :&nbsp;Imagens&nbsp;em Movimento (association &hellip; <a href=\"http:\/\/blogcinemacentansdejeunesse.org\/filmer-l-autre\/partenaires\/\">Continuer la lecture <span class=\"meta-nav\">&rarr;<\/span><\/a><\/p>\n","protected":false},"author":2,"featured_media":0,"parent":0,"menu_order":0,"comment_status":"closed","ping_status":"closed","template":"","meta":{"_coblocks_attr":"","_coblocks_dimensions":"","_coblocks_responsive_height":"","_coblocks_accordion_ie_support":""},"_links":{"self":[{"href":"http:\/\/blogcinemacentansdejeunesse.org\/filmer-l-autre\/wp-json\/wp\/v2\/pages\/30"}],"collection":[{"href":"http:\/\/blogcinemacentansdejeunesse.org\/filmer-l-autre\/wp-json\/wp\/v2\/pages"}],"about":[{"href":"http:\/\/blogcinemacentansdejeunesse.org\/filmer-l-autre\/wp-json\/wp\/v2\/types\/page"}],"author":[{"embeddable":true,"href":"http:\/\/blogcinemacentansdejeunesse.org\/filmer-l-autre\/wp-json\/wp\/v2\/users\/2"}],"replies":[{"embeddable":true,"href":"http:\/\/blogcinemacentansdejeunesse.org\/filmer-l-autre\/wp-json\/wp\/v2\/comments?post=30"}],"version-history":[{"count":5,"href":"http:\/\/blogcinemacentansdejeunesse.org\/filmer-l-autre\/wp-json\/wp\/v2\/pages\/30\/revisions"}],"predecessor-version":[{"id":212,"href":"http:\/\/blogcinemacentansdejeunesse.org\/filmer-l-autre\/wp-json\/wp\/v2\/pages\/30\/revisions\/212"}],"wp:attachment":[{"href":"http:\/\/blogcinemacentansdejeunesse.org\/filmer-l-autre\/wp-json\/wp\/v2\/media?parent=30"}],"curies":[{"name":"wp","href":"https:\/\/api.w.org\/{rel}","templated":true}]}}