{"id":56,"date":"2022-11-30T16:19:53","date_gmt":"2022-11-30T15:19:53","guid":{"rendered":"http:\/\/blogcinemacentansdejeunesse.org\/centredecentre\/?page_id=56"},"modified":"2022-12-01T13:09:18","modified_gmt":"2022-12-01T12:09:18","slug":"presentation","status":"publish","type":"page","link":"http:\/\/blogcinemacentansdejeunesse.org\/centredecentre\/presentation\/","title":{"rendered":"Pr\u00e9sentation"},"content":{"rendered":"\n<figure class=\"wp-block-image\" id=\"block-66fd48df-2ea2-4ac2-b449-ace4e69da0e1\"><img decoding=\"async\" src=\"https:\/\/centredecentre.blogcinemacentansdejeunesse.org\/blog\/wp-content\/uploads\/2022\/11\/Photo-de-groupe-CCAJ-22-23-1024x576.jpg\" alt=\"L\u2019attribut alt de cette image est vide, son nom de fichier est Photo-de-groupe-CCAJ-22-23-1024x576.jpg.\"\/><\/figure>\n\n\n\n<p class=\"has-text-color\" id=\"block-c111f17c-2387-4337-8860-9721bf699a28\" style=\"color:#f86001\"><strong>UN PROGRAMME INTERNATIONAL D\u2019\u00c9DUCATION AU CIN\u00c9MA<\/strong><\/p>\n\n\n\n<p id=\"block-4988a89d-4d01-44a0-8f21-32a4aae35dfe\"><em>Le Cin\u00e9ma, cent ans de jeunesse <\/em>(CCAJ) est un programme d\u2019\u00e9ducation au cin\u00e9ma cr\u00e9\u00e9 depuis plus de 25 ann\u00e9es, \u00e0 l\u2019occasion du Premier Si\u00e8cle du cin\u00e9ma, sous la responsabilit\u00e9 de Nathalie Bourgeois et d\u2019Alain Bergala, son conseiller artistique.<\/p>\n\n\n\n<p id=\"block-caad5da7-9cbe-416c-b484-20b378f216f2\">Lanc\u00e9 par la Cin\u00e9math\u00e8que fran\u00e7aise qui l\u2019a port\u00e9 jusqu\u2019en 2021, ce programme re\u00e7oit maintenant le soutien de l\u2019ACE (Association des Cin\u00e9math\u00e8ques europ\u00e9ennes).<\/p>\n\n\n\n<p id=\"block-28d0d17a-f41d-45a4-a977-fc766ad04afa\">Concernant \u00e0 l\u2019origine plusieurs r\u00e9gions en France m\u00e9tropolitaine, <em>Le Cin\u00e9ma, cent ans de jeunesse<\/em> s\u2019est ouvert \u00e0 l\u2019Europe, \u00e0 l\u2019outre-mer et \u00e0 l\u2019international. Il est au croisement aujourd\u2019hui de tout un r\u00e9seau d\u2019associations, de salles de cin\u00e9ma, de p\u00f4les r\u00e9gionaux d\u2019\u00e9ducation \u00e0 l\u2019image ainsi que de cin\u00e9math\u00e8ques, \u00e0 travers le monde.<\/p>\n\n\n\n<p id=\"block-b3a5b1c8-e780-4b18-9e33-ce4a3b6e46d5\">Suivant une m\u00e9thodologie p\u00e9dagogique exemplaire et g\u00e9n\u00e9ralisable, qui articule la formation du regard \u00e0 l\u2019exp\u00e9rience cr\u00e9atrice, l\u2019analyse \u00e0 la pratique de r\u00e9alisation, <em>Le Cin\u00e9ma, cent ans de jeunesse<\/em> met en \u0153uvre chaque ann\u00e9e :<\/p>\n\n\n\n<p id=\"block-6002fc99-3513-4a62-ab0d-f9260db527a5\">\u2013 plusieurs sessions de formations pour les enseignants et les professionnels du cin\u00e9ma associ\u00e9s au projet : en d\u00e9but d\u2019ann\u00e9e scolaire, puis \u00e0 mi-parcours dans diff\u00e9rents lieux.<\/p>\n\n\n\n<p id=\"block-d230a9e8-7d11-4332-a777-0c96e59deddb\">\u2013 des ateliers, pour permettre aux \u00e9l\u00e8ves de faire une exp\u00e9rience unique, pendant toute l\u2019ann\u00e9e scolaire (d\u2019octobre \u00e0 juin), autour d\u2019une question de cin\u00e9ma.<\/p>\n\n\n\n<p id=\"block-8c7e76fc-e1d0-4ea7-b798-62540ae81a93\">Cette ann\u00e9e 39ateliers seront mis en \u0153uvre, avec des enfants et des jeunes \u00e2g\u00e9s de 6 \u00e0 20 ans.<\/p>\n\n\n\n<p id=\"block-053c3bf8-0638-4dad-9e49-cd0294ef94f2\"><strong>Le sujet annuel est : Centr\u00e9\/d\u00e9centr\u00e9.<\/strong> Apr\u00e8s avoir visionn\u00e9 des extraits de film sur le sujet, r\u00e9alis\u00e9 des exercices individuels, les participants tourneront un film-essai, selon les m\u00eames r\u00e8gles du jeu donn\u00e9es \u00e0 tous les ateliers.<\/p>\n\n\n\n<p class=\"has-text-color\" id=\"block-38bbc06c-7b39-45f9-9568-5291bbec0e3a\" style=\"color:#f86001\"><strong>DES RENCONTRES INTERNATIONALES<\/strong><\/p>\n\n\n\n<p id=\"block-a471b01b-15b6-4040-bfe0-6ca36d9bcdf2\">\u00ab A nous le cin\u00e9ma ! \u00bb : en juin, les 39 films r\u00e9alis\u00e9s dans les ateliers \u00e0 travers le monde seront projet\u00e9s et comment\u00e9s, en pr\u00e9sence de l\u2019ensemble des participants (enfants, jeunes, enseignants, intervenants professionnels), venus des r\u00e9gions de France et des diff\u00e9rents pays.<\/p>\n\n\n\n<p id=\"block-a270f7fb-bdec-40ab-9373-a385e49449e9\">Cette ann\u00e9e, la Manifestation aura lieu \u00e0 Francfort, en partenariat avec le DFF (Deutsches Filminstitut &amp; Filmmuseum)<\/p>\n\n\n\n<p class=\"has-text-color\" id=\"block-ede5f9d4-bac8-4580-9973-477adf78a10d\" style=\"color:#f86001\"><strong>G\u00c9N\u00c9RIQUE DE L\u2019ANN\u00c9E 2021-2022<\/strong><\/p>\n\n\n\n<p id=\"block-2dc59584-38b3-433f-b200-4ab154cea9f8\"><strong>15 pays \u00e0 travers le monde.<\/strong><\/p>\n\n\n\n<p id=\"block-2e0f7dfa-e0eb-4597-b071-edcd02d3db53\">En <strong>France<\/strong>, 8 r\u00e9gions (m\u00e9tropole et outre-mer).<\/p>\n\n\n\n<p id=\"block-2a68b36e-3495-4c20-9153-0e8b6e54cf7f\"><strong>Allemagne <\/strong>(r\u00e9gions Berlin, Francfort), <strong>Afrique<\/strong> (r\u00e9gion Johannesburg), <strong>Argentine<\/strong> (r\u00e9gions Chaco, Buenos Aires), <strong>Br\u00e9sil<\/strong> (r\u00e9gions Rio de Janeiro, Sao Paulo), <strong>Bulgarie, Chili, Espagne, Finlande, Japon, Lituanie, Mexique, Pays-Bas, Portugal, Royaume-Uni (Angleterre)<\/strong>.<\/p>\n\n\n\n<p id=\"block-4009ee2c-370e-4841-ad29-336ce232344f\"><strong>France<\/strong> (r\u00e9gions Auvergne Rh\u00f4ne-Alpes, Sud-Provence-Alpes-C\u00f4te d\u2019Azur, Ile-de-France, Occitanie, Nouvelle Aquitaine, Corse, Guadeloupe, Martinique)<\/p>\n\n\n\n<p class=\"has-text-color\" id=\"block-01a37292-a705-4421-878f-5ae9e30220a6\" style=\"color:#f86001\"><strong>UN SITE ET UNE PLATEFORME P\u00c9DAGOGIQUES<\/strong><\/p>\n\n\n\n<p id=\"block-a44684ff-71cc-495c-8591-2dce7deb5587\"><a rel=\"noreferrer noopener\" href=\"http:\/\/www.cinemacentansdejeunesse.org\" target=\"_blank\"><u>Un site p\u00e9dagogique trilingue<\/u><\/a> (fran\u00e7ais\/anglais\/espagnol) est disponible, t\u00e9moignant de l\u2019exp\u00e9rience men\u00e9e sur plus de 25 ann\u00e9es par <em>Le Cin\u00e9ma, cent ans de jeunesse<\/em>.<\/p>\n\n\n\n<p id=\"block-12ce70ac-2232-433b-b793-9abd10cf0b6f\">On y trouve \u00e0 la fois des ressources et des r\u00e9sultats d\u2019ateliers, sur les questions de cin\u00e9ma d\u00e9j\u00e0 abord\u00e9es dans le cadre du programme: Lumi\u00e8re\/M\u00e9li\u00e8s,Montrer\/cacher, la Couleur, le R\u00e9el dans la fiction, le Climat, le Jeu, des Lieux et des histoires, la Situation. Prochainement : la Sensation au cin\u00e9ma.<\/p>\n\n\n\n<p id=\"block-7e73465f-7065-40c9-a818-32a3fbd0fd85\">\u00c9galement des regards de cin\u00e9astes invit\u00e9s aux Rencontres du CCAJ, des t\u00e9moignages de participants, des d\u00e9bats entre les jeunes r\u00e9alisateurs lors de la pr\u00e9sentations des films.<\/p>\n\n\n\n<p class=\"has-text-color\" id=\"block-3bee87ca-86af-4188-9832-dc84ea7ff2d2\" style=\"color:#f86001\"><strong>COORDINATION<\/strong><\/p>\n\n\n\n<p id=\"block-6649abb7-836c-4cb5-978f-266b0b6d530c\">France&nbsp;:&nbsp;Nathalie Bourgeois : responsable du programme \/ <a href=\"mailto:n.bourgeois@ccaj.fr\"><u>n.bourgeois@ccaj.fr<\/u><\/a>&nbsp;\/Emiliano Ovejero : coordination audiovisuelle et web \/ <a href=\"mailto:e.ovejero@ccaj.fr\"><u>e.ovejero@ccaj.fr<\/u><\/a> \/Julia Ponte : assistante de coordination (Documentaire sur Grand \u00c9cran) \/ <a href=\"mailto:j.ponte@ccaj.fr\"><u>j.ponte@ccaj.fr<\/u><\/a><\/p>\n\n\n\n<p id=\"block-17111b6e-5b45-461e-aed6-4ea21c4f171e\">Allemagne&nbsp;: Christine&nbsp;Kopf&nbsp;: \/ <a href=\"mailto:Kopf@dff.film\"><u>Kopf@dff.film<\/u><\/a> \/Sophie Charlotte Erichsen&nbsp;: <a href=\"mailto:Erichsen@dff.film\">Erichsen@dff.film<\/a><\/p>\n\n\n\n<p id=\"block-bc0cf6ca-42c2-4922-adc0-f7967d128bb4\">Conseiller artistique&nbsp;Alain Bergala&nbsp;<\/p>\n\n\n\n<p id=\"block-0cf49de3-8b89-489e-934c-5c2160d6442a\">En partenariat avec&nbsp;:<\/p>\n\n\n\n<p id=\"block-7f22c762-11b5-4a59-a5f5-848dd7ecc35d\">Isabelle Bourdon (conseill\u00e8re cin\u00e9ma DAAC Acad\u00e9mie de Cr\u00e9teil) \/<\/p>\n\n\n\n<p id=\"block-1583c1ad-7c81-46b1-be56-7f68797ae7de\">Sabine Costa, Annick Peign\u00e9-Giuly (d\u00e9l\u00e9gu\u00e9e g\u00e9n\u00e9rale, pr\u00e9sidente de Documentaire sur Grand Ecran) \/&nbsp;Anne Huet (directrice du Cin\u00e9 104).<\/p>\n\n\n\n<p id=\"block-235422a5-e726-4a8a-9e2a-8759ea0f75b1\">Site du CCAJ <a rel=\"noreferrer noopener\" href=\"http:\/\/www.cinemacentansdejeunesse.org\" target=\"_blank\">www.cinemacentansdejeunesse.org<\/a><\/p>\n\n\n\n<figure class=\"wp-block-image\" id=\"block-49448387-b6b3-481e-9798-d48ca4d8b2d9\"><img decoding=\"async\" src=\"https:\/\/centredecentre.blogcinemacentansdejeunesse.org\/blog\/wp-content\/uploads\/2022\/11\/Bloc-Logos-Blog-22-23.png\" alt=\"L\u2019attribut alt de cette image est vide, son nom de fichier est Bloc-Logos-Blog-22-23.png.\"\/><\/figure>\n","protected":false},"excerpt":{"rendered":"<p>UN PROGRAMME INTERNATIONAL D\u2019\u00c9DUCATION AU CIN\u00c9MA Le Cin\u00e9ma, cent ans de jeunesse (CCAJ) est un programme d\u2019\u00e9ducation au cin\u00e9ma cr\u00e9\u00e9 depuis plus de 25 ann\u00e9es, \u00e0 l\u2019occasion du Premier Si\u00e8cle du cin\u00e9ma, sous la responsabilit\u00e9 de Nathalie Bourgeois et d\u2019Alain &hellip; <a href=\"http:\/\/blogcinemacentansdejeunesse.org\/centredecentre\/presentation\/\">Continuer la lecture <span class=\"meta-nav\">&rarr;<\/span><\/a><\/p>\n","protected":false},"author":1,"featured_media":0,"parent":0,"menu_order":0,"comment_status":"closed","ping_status":"closed","template":"","meta":{"_coblocks_attr":"","_coblocks_dimensions":"","_coblocks_responsive_height":"","_coblocks_accordion_ie_support":""},"_links":{"self":[{"href":"http:\/\/blogcinemacentansdejeunesse.org\/centredecentre\/wp-json\/wp\/v2\/pages\/56"}],"collection":[{"href":"http:\/\/blogcinemacentansdejeunesse.org\/centredecentre\/wp-json\/wp\/v2\/pages"}],"about":[{"href":"http:\/\/blogcinemacentansdejeunesse.org\/centredecentre\/wp-json\/wp\/v2\/types\/page"}],"author":[{"embeddable":true,"href":"http:\/\/blogcinemacentansdejeunesse.org\/centredecentre\/wp-json\/wp\/v2\/users\/1"}],"replies":[{"embeddable":true,"href":"http:\/\/blogcinemacentansdejeunesse.org\/centredecentre\/wp-json\/wp\/v2\/comments?post=56"}],"version-history":[{"count":4,"href":"http:\/\/blogcinemacentansdejeunesse.org\/centredecentre\/wp-json\/wp\/v2\/pages\/56\/revisions"}],"predecessor-version":[{"id":113,"href":"http:\/\/blogcinemacentansdejeunesse.org\/centredecentre\/wp-json\/wp\/v2\/pages\/56\/revisions\/113"}],"wp:attachment":[{"href":"http:\/\/blogcinemacentansdejeunesse.org\/centredecentre\/wp-json\/wp\/v2\/media?parent=56"}],"curies":[{"name":"wp","href":"https:\/\/api.w.org\/{rel}","templated":true}]}}